{"id":4385,"date":"2021-01-29T12:55:56","date_gmt":"2021-01-29T12:55:56","guid":{"rendered":"https:\/\/medit-italia.com\/?post_type=project&#038;p=4385"},"modified":"2021-02-01T09:08:06","modified_gmt":"2021-02-01T09:08:06","slug":"apuana-marmi-vagli","status":"publish","type":"project","link":"https:\/\/medit-italia.com\/fr\/project\/apuana-marmi-vagli\/","title":{"rendered":"Apuana Marmi Vagli"},"content":{"rendered":"<p>[et_pb_section fb_built=&#8221;1&#8243; module_class=&#8221;sfondo4forme&#8221; _builder_version=&#8221;4.0.9&#8243;][et_pb_row column_structure=&#8221;2_5,3_5&#8243; _builder_version=&#8221;4.0.9&#8243;][et_pb_column type=&#8221;2_5&#8243; _builder_version=&#8221;4.0.9&#8243;][et_pb_text _builder_version=&#8221;4.2.1&#8243; custom_padding=&#8221;||||false|false&#8221;]<\/p>\n<h1>Apuana Marmi Vagli<\/h1>\n<p>&nbsp;<\/p>\n<p>La si\u00e8ge directionnelle de Apuana Marmi Vagli avait besoin de solutions capables de s\u2019int\u00e9grer parfaitement dans l\u2019image architecturale du b\u00e2timent, sans toutefois oublier les diff\u00e9rences esth\u00e9tiques qui caract\u00e9risent les marbres utilis\u00e9s dans les trois \u00e9tages de l\u2019immeuble.<\/p>\n<p>Pour r\u00e9pondre \u00e0 ces exigences, Medit a choisi ses syst\u00e8mes stores enrouleurs motoris\u00e9s coupl\u00e9 au tissu LightOfficeScreen Metal avec arri\u00e8re en aluminium. De cette fa\u00e7on il a \u00e9t\u00e9 possible vers l\u2019int\u00e9rieur de diversifier la couleur des rideaux en l\u2019harmonisant aux teintes des marbres utilises dans les diff\u00e9rents \u00e9tages, tandis qu\u2019\u00e0 l\u2019ext\u00e9rieur l\u2019objectif atteint a \u00e9t\u00e9 celui de rendre la fa\u00e7ade en verre plus brillante en int\u00e9grant de mani\u00e8re optimale le syst\u00e8me de panneaux photovolta\u00efques architecturalement int\u00e9gr\u00e9s.<\/p>\n<p><img loading=\"lazy\" decoding=\"async\" class=\"alignnone wp-image-852\" src=\"https:\/\/medit-italia.com\/wp-content\/uploads\/2019\/11\/linea-arancione.gif\" alt=\"\" width=\"120\" height=\"43\" \/><\/p>\n<p><strong>Credits<\/strong><\/p>\n<p><strong>Nom du b\u00e2timent:<\/strong>\u00a0<em>Si\u00e8ge directionnelle Apuana Marmi Vagli\u2028<br \/><strong>Architecte:<\/strong> Arch. Nicoletta Novelli \/ MONOSTUDIO\u2028<br \/><\/em><strong>Client:<\/strong><em>\u00a0Apuana Marmi Vagli\u2028<\/em><br \/><strong>Localisation:<\/strong>\u00a0<em>Ville de Camporgiano (LU), Isola de Roccalberti<\/em><\/p>\n<p>&nbsp;<\/p>\n<p>[\/et_pb_text][\/et_pb_column][et_pb_column type=&#8221;3_5&#8243; _builder_version=&#8221;4.0.9&#8243;][et_pb_gallery gallery_ids=&#8221;2324,2322,2323,2325,2326&#8243; fullwidth=&#8221;on&#8221; _builder_version=&#8221;4.2.1&#8243; box_shadow_style=&#8221;preset4&#8243; box_shadow_horizontal=&#8221;15px&#8221; box_shadow_vertical=&#8221;15px&#8221; box_shadow_color=&#8221;#f6e0d2&#8243;][\/et_pb_gallery][\/et_pb_column][\/et_pb_row][et_pb_row column_structure=&#8221;3_5,2_5&#8243; _builder_version=&#8221;4.0.9&#8243;][et_pb_column type=&#8221;3_5&#8243; _builder_version=&#8221;4.0.9&#8243;][et_pb_image src=&#8221;https:\/\/medit-italia.com\/wp-content\/uploads\/2020\/01\/MeditApuanaMarmi6.jpg&#8221; show_in_lightbox=&#8221;on&#8221; _builder_version=&#8221;4.2.1&#8243; box_shadow_style=&#8221;preset4&#8243; box_shadow_horizontal=&#8221;15px&#8221; box_shadow_vertical=&#8221;15px&#8221; box_shadow_color=&#8221;#bfc6b4&#8243;][\/et_pb_image][\/et_pb_column][et_pb_column type=&#8221;2_5&#8243; _builder_version=&#8221;4.0.9&#8243;][et_pb_text _builder_version=&#8221;4.2.1&#8243; header_4_font_size=&#8221;24px&#8221; header_4_line_height=&#8221;1.2em&#8221; max_width=&#8221;400px&#8221; custom_padding=&#8221;140px||||false|false&#8221; custom_padding_tablet=&#8221;&#8221; custom_padding_phone=&#8221;0px||||false|false&#8221; custom_padding_last_edited=&#8221;on|phone&#8221;]<\/p>\n<h4>Un b\u00e2timent incroyable dans un contexte naturel extraordinaire; nos syst\u00e8mes motoris\u00e9s parfaitement synchronis\u00e9s ont exploit\u00e9 les propri\u00e9t\u00e9s de r\u00e9flexion lumineuse et thermique du tissu pour se fonder avec la solution \u00e9cologiques des panneaux photovolta\u00efques.<\/p>\n<\/h4>\n<p>CHRISTIAN, Technicien commercial Medit<\/p>\n<p>[\/et_pb_text][\/et_pb_column][\/et_pb_row][et_pb_row _builder_version=&#8221;4.2.1&#8243; saved_tabs=&#8221;all&#8221; global_module=&#8221;4528&#8243; locked=&#8221;off&#8221;][et_pb_column type=&#8221;4_4&#8243; _builder_version=&#8221;4.2.1&#8243;][et_pb_button button_url=&#8221;https:\/\/medit-italia.com\/fr\/progetti\/&#8221; button_text=&#8221;RETOUR AUX PROJETSRETOUR AUX PROJETS&#8221; button_alignment=&#8221;center&#8221; _builder_version=&#8221;4.8.2&#8243; hover_enabled=&#8221;0&#8243; sticky_enabled=&#8221;0&#8243;][\/et_pb_button][\/et_pb_column][\/et_pb_row][\/et_pb_section]<\/p>\n","protected":false},"excerpt":{"rendered":"<p>Apuana Marmi Vagli &nbsp; La si\u00e8ge directionnelle de Apuana Marmi Vagli avait besoin de solutions capables de s\u2019int\u00e9grer parfaitement dans l\u2019image architecturale du b\u00e2timent, sans toutefois oublier les diff\u00e9rences esth\u00e9tiques qui caract\u00e9risent les marbres utilis\u00e9s dans les trois \u00e9tages de l\u2019immeuble. Pour r\u00e9pondre \u00e0 ces exigences, Medit a choisi ses syst\u00e8mes stores enrouleurs motoris\u00e9s coupl\u00e9 [&hellip;]<\/p>\n","protected":false},"author":149,"featured_media":0,"template":"","meta":{"_acf_changed":false,"_et_pb_use_builder":"on","_et_pb_old_content":"","_et_gb_content_width":"","footnotes":""},"project_category":[],"project_tag":[],"class_list":["post-4385","project","type-project","status-publish","hentry"],"acf":[],"yoast_head":"<!-- This site is optimized with the Yoast SEO plugin v27.5 - https:\/\/yoast.com\/product\/yoast-seo-wordpress\/ -->\n<title>Apuana Marmi Vagli - Medit<\/title>\n<meta name=\"robots\" content=\"index, follow, max-snippet:-1, max-image-preview:large, max-video-preview:-1\" \/>\n<link rel=\"canonical\" href=\"https:\/\/medit-italia.com\/fr\/project\/apuana-marmi-vagli\/\" \/>\n<meta property=\"og:locale\" content=\"fr_FR\" \/>\n<meta property=\"og:type\" content=\"article\" \/>\n<meta property=\"og:title\" content=\"Apuana Marmi Vagli - Medit\" \/>\n<meta property=\"og:description\" content=\"Apuana Marmi Vagli &nbsp; La si\u00e8ge directionnelle de Apuana Marmi Vagli avait besoin de solutions capables de s\u2019int\u00e9grer parfaitement dans l\u2019image architecturale du b\u00e2timent, sans toutefois oublier les diff\u00e9rences esth\u00e9tiques qui caract\u00e9risent les marbres utilis\u00e9s dans les trois \u00e9tages de l\u2019immeuble. Pour r\u00e9pondre \u00e0 ces exigences, Medit a choisi ses syst\u00e8mes stores enrouleurs motoris\u00e9s coupl\u00e9 [&hellip;]\" \/>\n<meta property=\"og:url\" content=\"https:\/\/medit-italia.com\/fr\/project\/apuana-marmi-vagli\/\" \/>\n<meta property=\"og:site_name\" content=\"Medit\" \/>\n<meta property=\"article:publisher\" content=\"https:\/\/www.facebook.com\/medititalia.srl\/\" \/>\n<meta property=\"article:modified_time\" content=\"2021-02-01T09:08:06+00:00\" \/>\n<meta property=\"og:image\" content=\"https:\/\/medit-italia.com\/wp-content\/uploads\/2019\/11\/linea-arancione.gif\" \/>\n<meta name=\"twitter:card\" content=\"summary_large_image\" \/>\n<meta name=\"twitter:label1\" content=\"Dur\u00e9e de lecture estim\u00e9e\" \/>\n\t<meta name=\"twitter:data1\" content=\"2 minutes\" \/>\n<script type=\"application\/ld+json\" class=\"yoast-schema-graph\">{\"@context\":\"https:\\\/\\\/schema.org\",\"@graph\":[{\"@type\":\"WebPage\",\"@id\":\"https:\\\/\\\/medit-italia.com\\\/fr\\\/project\\\/apuana-marmi-vagli\\\/\",\"url\":\"https:\\\/\\\/medit-italia.com\\\/fr\\\/project\\\/apuana-marmi-vagli\\\/\",\"name\":\"Apuana Marmi Vagli - Medit\",\"isPartOf\":{\"@id\":\"https:\\\/\\\/medit-italia.com\\\/fr\\\/#website\"},\"primaryImageOfPage\":{\"@id\":\"https:\\\/\\\/medit-italia.com\\\/fr\\\/project\\\/apuana-marmi-vagli\\\/#primaryimage\"},\"image\":{\"@id\":\"https:\\\/\\\/medit-italia.com\\\/fr\\\/project\\\/apuana-marmi-vagli\\\/#primaryimage\"},\"thumbnailUrl\":\"https:\\\/\\\/medit-italia.com\\\/wp-content\\\/uploads\\\/2019\\\/11\\\/linea-arancione.gif\",\"datePublished\":\"2021-01-29T12:55:56+00:00\",\"dateModified\":\"2021-02-01T09:08:06+00:00\",\"breadcrumb\":{\"@id\":\"https:\\\/\\\/medit-italia.com\\\/fr\\\/project\\\/apuana-marmi-vagli\\\/#breadcrumb\"},\"inLanguage\":\"fr-FR\",\"potentialAction\":[{\"@type\":\"ReadAction\",\"target\":[\"https:\\\/\\\/medit-italia.com\\\/fr\\\/project\\\/apuana-marmi-vagli\\\/\"]}]},{\"@type\":\"ImageObject\",\"inLanguage\":\"fr-FR\",\"@id\":\"https:\\\/\\\/medit-italia.com\\\/fr\\\/project\\\/apuana-marmi-vagli\\\/#primaryimage\",\"url\":\"https:\\\/\\\/medit-italia.com\\\/wp-content\\\/uploads\\\/2019\\\/11\\\/linea-arancione.gif\",\"contentUrl\":\"https:\\\/\\\/medit-italia.com\\\/wp-content\\\/uploads\\\/2019\\\/11\\\/linea-arancione.gif\"},{\"@type\":\"BreadcrumbList\",\"@id\":\"https:\\\/\\\/medit-italia.com\\\/fr\\\/project\\\/apuana-marmi-vagli\\\/#breadcrumb\",\"itemListElement\":[{\"@type\":\"ListItem\",\"position\":1,\"name\":\"Home\",\"item\":\"https:\\\/\\\/medit-italia.com\\\/fr\\\/\"},{\"@type\":\"ListItem\",\"position\":2,\"name\":\"Projets\",\"item\":\"https:\\\/\\\/medit-italia.com\\\/fr\\\/project\\\/\"},{\"@type\":\"ListItem\",\"position\":3,\"name\":\"Apuana Marmi Vagli\"}]},{\"@type\":\"WebSite\",\"@id\":\"https:\\\/\\\/medit-italia.com\\\/fr\\\/#website\",\"url\":\"https:\\\/\\\/medit-italia.com\\\/fr\\\/\",\"name\":\"Medit\",\"description\":\"Tende a rullo\",\"publisher\":{\"@id\":\"https:\\\/\\\/medit-italia.com\\\/fr\\\/#organization\"},\"potentialAction\":[{\"@type\":\"SearchAction\",\"target\":{\"@type\":\"EntryPoint\",\"urlTemplate\":\"https:\\\/\\\/medit-italia.com\\\/fr\\\/?s={search_term_string}\"},\"query-input\":{\"@type\":\"PropertyValueSpecification\",\"valueRequired\":true,\"valueName\":\"search_term_string\"}}],\"inLanguage\":\"fr-FR\"},{\"@type\":\"Organization\",\"@id\":\"https:\\\/\\\/medit-italia.com\\\/fr\\\/#organization\",\"name\":\"Medit\",\"url\":\"https:\\\/\\\/medit-italia.com\\\/fr\\\/\",\"logo\":{\"@type\":\"ImageObject\",\"inLanguage\":\"fr-FR\",\"@id\":\"https:\\\/\\\/medit-italia.com\\\/fr\\\/#\\\/schema\\\/logo\\\/image\\\/\",\"url\":\"https:\\\/\\\/medit-italia.com\\\/wp-content\\\/uploads\\\/2019\\\/09\\\/logo-medit-grigio.svg\",\"contentUrl\":\"https:\\\/\\\/medit-italia.com\\\/wp-content\\\/uploads\\\/2019\\\/09\\\/logo-medit-grigio.svg\",\"width\":568,\"height\":180,\"caption\":\"Medit\"},\"image\":{\"@id\":\"https:\\\/\\\/medit-italia.com\\\/fr\\\/#\\\/schema\\\/logo\\\/image\\\/\"},\"sameAs\":[\"https:\\\/\\\/www.facebook.com\\\/medititalia.srl\\\/\",\"https:\\\/\\\/www.instagram.com\\\/medit.srl\\\/\",\"https:\\\/\\\/www.linkedin.com\\\/company\\\/medit-srl\\\/\",\"https:\\\/\\\/www.youtube.com\\\/channel\\\/UCjIZFDEY5PvORKffAYY0u6w\"]}]}<\/script>\n<!-- \/ Yoast SEO plugin. -->","yoast_head_json":{"title":"Apuana Marmi Vagli - Medit","robots":{"index":"index","follow":"follow","max-snippet":"max-snippet:-1","max-image-preview":"max-image-preview:large","max-video-preview":"max-video-preview:-1"},"canonical":"https:\/\/medit-italia.com\/fr\/project\/apuana-marmi-vagli\/","og_locale":"fr_FR","og_type":"article","og_title":"Apuana Marmi Vagli - Medit","og_description":"Apuana Marmi Vagli &nbsp; La si\u00e8ge directionnelle de Apuana Marmi Vagli avait besoin de solutions capables de s\u2019int\u00e9grer parfaitement dans l\u2019image architecturale du b\u00e2timent, sans toutefois oublier les diff\u00e9rences esth\u00e9tiques qui caract\u00e9risent les marbres utilis\u00e9s dans les trois \u00e9tages de l\u2019immeuble. Pour r\u00e9pondre \u00e0 ces exigences, Medit a choisi ses syst\u00e8mes stores enrouleurs motoris\u00e9s coupl\u00e9 [&hellip;]","og_url":"https:\/\/medit-italia.com\/fr\/project\/apuana-marmi-vagli\/","og_site_name":"Medit","article_publisher":"https:\/\/www.facebook.com\/medititalia.srl\/","article_modified_time":"2021-02-01T09:08:06+00:00","og_image":[{"url":"https:\/\/medit-italia.com\/wp-content\/uploads\/2019\/11\/linea-arancione.gif","type":"","width":"","height":""}],"twitter_card":"summary_large_image","twitter_misc":{"Dur\u00e9e de lecture estim\u00e9e":"2 minutes"},"schema":{"@context":"https:\/\/schema.org","@graph":[{"@type":"WebPage","@id":"https:\/\/medit-italia.com\/fr\/project\/apuana-marmi-vagli\/","url":"https:\/\/medit-italia.com\/fr\/project\/apuana-marmi-vagli\/","name":"Apuana Marmi Vagli - Medit","isPartOf":{"@id":"https:\/\/medit-italia.com\/fr\/#website"},"primaryImageOfPage":{"@id":"https:\/\/medit-italia.com\/fr\/project\/apuana-marmi-vagli\/#primaryimage"},"image":{"@id":"https:\/\/medit-italia.com\/fr\/project\/apuana-marmi-vagli\/#primaryimage"},"thumbnailUrl":"https:\/\/medit-italia.com\/wp-content\/uploads\/2019\/11\/linea-arancione.gif","datePublished":"2021-01-29T12:55:56+00:00","dateModified":"2021-02-01T09:08:06+00:00","breadcrumb":{"@id":"https:\/\/medit-italia.com\/fr\/project\/apuana-marmi-vagli\/#breadcrumb"},"inLanguage":"fr-FR","potentialAction":[{"@type":"ReadAction","target":["https:\/\/medit-italia.com\/fr\/project\/apuana-marmi-vagli\/"]}]},{"@type":"ImageObject","inLanguage":"fr-FR","@id":"https:\/\/medit-italia.com\/fr\/project\/apuana-marmi-vagli\/#primaryimage","url":"https:\/\/medit-italia.com\/wp-content\/uploads\/2019\/11\/linea-arancione.gif","contentUrl":"https:\/\/medit-italia.com\/wp-content\/uploads\/2019\/11\/linea-arancione.gif"},{"@type":"BreadcrumbList","@id":"https:\/\/medit-italia.com\/fr\/project\/apuana-marmi-vagli\/#breadcrumb","itemListElement":[{"@type":"ListItem","position":1,"name":"Home","item":"https:\/\/medit-italia.com\/fr\/"},{"@type":"ListItem","position":2,"name":"Projets","item":"https:\/\/medit-italia.com\/fr\/project\/"},{"@type":"ListItem","position":3,"name":"Apuana Marmi Vagli"}]},{"@type":"WebSite","@id":"https:\/\/medit-italia.com\/fr\/#website","url":"https:\/\/medit-italia.com\/fr\/","name":"Medit","description":"Tende a rullo","publisher":{"@id":"https:\/\/medit-italia.com\/fr\/#organization"},"potentialAction":[{"@type":"SearchAction","target":{"@type":"EntryPoint","urlTemplate":"https:\/\/medit-italia.com\/fr\/?s={search_term_string}"},"query-input":{"@type":"PropertyValueSpecification","valueRequired":true,"valueName":"search_term_string"}}],"inLanguage":"fr-FR"},{"@type":"Organization","@id":"https:\/\/medit-italia.com\/fr\/#organization","name":"Medit","url":"https:\/\/medit-italia.com\/fr\/","logo":{"@type":"ImageObject","inLanguage":"fr-FR","@id":"https:\/\/medit-italia.com\/fr\/#\/schema\/logo\/image\/","url":"https:\/\/medit-italia.com\/wp-content\/uploads\/2019\/09\/logo-medit-grigio.svg","contentUrl":"https:\/\/medit-italia.com\/wp-content\/uploads\/2019\/09\/logo-medit-grigio.svg","width":568,"height":180,"caption":"Medit"},"image":{"@id":"https:\/\/medit-italia.com\/fr\/#\/schema\/logo\/image\/"},"sameAs":["https:\/\/www.facebook.com\/medititalia.srl\/","https:\/\/www.instagram.com\/medit.srl\/","https:\/\/www.linkedin.com\/company\/medit-srl\/","https:\/\/www.youtube.com\/channel\/UCjIZFDEY5PvORKffAYY0u6w"]}]}},"_links":{"self":[{"href":"https:\/\/medit-italia.com\/fr\/wp-json\/wp\/v2\/project\/4385","targetHints":{"allow":["GET"]}}],"collection":[{"href":"https:\/\/medit-italia.com\/fr\/wp-json\/wp\/v2\/project"}],"about":[{"href":"https:\/\/medit-italia.com\/fr\/wp-json\/wp\/v2\/types\/project"}],"author":[{"embeddable":true,"href":"https:\/\/medit-italia.com\/fr\/wp-json\/wp\/v2\/users\/149"}],"version-history":[{"count":4,"href":"https:\/\/medit-italia.com\/fr\/wp-json\/wp\/v2\/project\/4385\/revisions"}],"predecessor-version":[{"id":4534,"href":"https:\/\/medit-italia.com\/fr\/wp-json\/wp\/v2\/project\/4385\/revisions\/4534"}],"wp:attachment":[{"href":"https:\/\/medit-italia.com\/fr\/wp-json\/wp\/v2\/media?parent=4385"}],"wp:term":[{"taxonomy":"project_category","embeddable":true,"href":"https:\/\/medit-italia.com\/fr\/wp-json\/wp\/v2\/project_category?post=4385"},{"taxonomy":"project_tag","embeddable":true,"href":"https:\/\/medit-italia.com\/fr\/wp-json\/wp\/v2\/project_tag?post=4385"}],"curies":[{"name":"wp","href":"https:\/\/api.w.org\/{rel}","templated":true}]}}